{"id":9331,"date":"2018-09-03T14:18:01","date_gmt":"2018-09-03T13:18:01","guid":{"rendered":"http:\/\/curling.cz\/?page_id=9331\/"},"modified":"2024-03-14T13:45:07","modified_gmt":"2024-03-14T12:45:07","slug":"national-teams-2018-19","status":"publish","type":"page","link":"https:\/\/www.curling.cz\/en\/national-teams-2018-19\/","title":{"rendered":"National Teams 2018\/19"},"content":{"rendered":"<h1>National teams 2018 \/ 2019<\/h1>\n<p style=\"text-align: left;\">\n<table style=\"width: 543px; height: 120px;\">\n<tbody>\n<tr>\n<td style=\"width: 112px; text-align: center; background-color: #969696;\"><span style=\"color: #ffffff;\"><a style=\"color: #ffffff;\" href=\"#mixy\">mixed<\/a><\/span><\/td>\n<td style=\"width: 118px; text-align: center; background-color: #969696;\"><span style=\"color: #ffffff;\"><a style=\"color: #ffffff;\" href=\"#juniorky\">junior women<\/a><\/span><\/td>\n<td style=\"width: 120px; background-color: #969696; text-align: center;\"><span style=\"color: #ffffff;\"><a style=\"color: #ffffff;\" href=\"#seniorky\">senior women<\/a><\/span><\/td>\n<\/tr>\n<tr>\n<td style=\"width: 112px; text-align: center; background-color: #969696;\"><span style=\"color: #ffffff;\"><a style=\"color: #ffffff;\" href=\"#\u017eeny\">women<\/a><\/span><\/td>\n<td style=\"width: 118px; text-align: center; background-color: #969696;\"><span style=\"color: #ffffff;\">\u00a0<a style=\"color: #ffffff;\" href=\"#junio\u0159i\">junior men<\/a><\/span><\/td>\n<td style=\"width: 120px; text-align: center; background-color: #969696;\"><span style=\"color: #ffffff;\"><a style=\"color: #ffffff;\" href=\"#senio\u0159i\">senior men<\/a><\/span><\/td>\n<\/tr>\n<tr>\n<td style=\"width: 112px; text-align: center; background-color: #969696;\"><span style=\"color: #ffffff;\"><a style=\"color: #ffffff;\" href=\"#mu\u017ei\">men<\/a><\/span><\/td>\n<td style=\"width: 118px; text-align: center; background-color: #969696;\"><span style=\"color: #ffffff;\"><a style=\"color: #ffffff;\" href=\"#\u017e\u00e1ci\">pupils<\/a><\/span><\/td>\n<td style=\"width: 120px; text-align: center; background-color: #969696;\"><span style=\"color: #ffffff;\"><a style=\"color: #ffffff;\" href=\"#akademici\">akademic<\/a><\/span><\/td>\n<\/tr>\n<tr>\n<td style=\"width: 112px; text-align: center; background-color: #969696;\"><span style=\"color: #ffffff;\"><a style=\"color: #ffffff;\" href=\"#mixed doubles\">mixed doubles<\/a><br \/>\n<\/span><\/td>\n<td style=\"width: 118px; text-align: center; background-color: #969696;\"><span style=\"color: #ffffff;\"><a style=\"color: #ffffff;\" href=\"#vozickari\">wheelchair<\/a><\/span><\/td>\n<td style=\"width: 120px; text-align: center; background-color: #969696;\"><span style=\"color: #ffffff;\">\u00a0<\/span><\/td>\n<\/tr>\n<\/tbody>\n<\/table>\n<p>&nbsp;<\/p>\n<hr \/>\n<p><a name=\"mixy\"><\/a><\/p>\n<h1><\/h1>\n<h1>Mixed\u00a0\u2013 article\u00a0<a href=\"http:\/\/curling.cz\/mixy-vyhral-tym-lukase-klimy-hajkova-paul-skotsko\/\" target=\"_blank\" rel=\"noopener\">here (CZ)<\/a><\/h1>\n<p>World Mixed Championship | Oct 13 \u2013 20, 2018 | Kelowna, Canada<\/p>\n<p><img fetchpriority=\"high\" decoding=\"async\" class=\"alignnone wp-image-9353\" src=\"http:\/\/curling.cz\/wp-content\/uploads\/2018\/09\/mixy-2018-600x373.jpg\" alt=\"\" width=\"801\" height=\"498\"><\/p>\n<p>Michaela Baudy\u0161ov\u00e1, Marek \u010cernovsk\u00fd,\u00a0Petra Vin\u0161ov\u00e1,\u00a0<strong>Luk\u00e1\u0161 Kl\u00edma<\/strong>,<\/p>\n<p>Different team won the bronze medal last year. More\u00a0<a href=\"http:\/\/curling.cz\/bronz-z-mistrovstvi-sveta-mixu\/\" target=\"_blank\" rel=\"noopener\">here (CZ)<\/a>.<\/p>\n<hr \/>\n<p><a name=\"\u017eeny\"><\/a><\/p>\n<h1><\/h1>\n<h1>Women<\/h1>\n<p>Winners of Czech National Championship \u2013 more\u00a0<a href=\"http:\/\/curling.cz\/finale-zen-2018\/\" target=\"_blank\" rel=\"noopener\">here (CZ)<\/a>.<\/p>\n<p>European Curling Championship | November 16 \u2013 24 | Tallinn, Estonia<\/p>\n<p><strong>Anna Kube\u0161kov\u00e1<\/strong>, Al\u017eb\u011bta Baudy\u0161ov\u00e1, Tereza Pl\u00ed\u0161kov\u00e1, Kl\u00e1ra Svato\u0148ov\u00e1, E\u017een Kol\u010devsk\u00e1<\/p>\n<hr \/>\n<p><a name=\"mu\u017ei\"><\/a><\/p>\n<h1><\/h1>\n<h1>Men<\/h1>\n<p>Winners of Czech Nationals \u2013 more\u00a0<a href=\"http:\/\/curling.cz\/finale-muzu-2018\/\" target=\"_blank\" rel=\"noopener\">here (CZ)<\/a><\/p>\n<p>European Curling Championship \u2013 B | November 16 \u2013 24 | Tallinn, Estonia<\/p>\n<p><strong>David \u0160ik<\/strong>, Radek Boh\u00e1\u010d, Tom\u00e1\u0161 Paul, Milan Pol\u00edvka, David Havlena, Erik \u0160ik<\/p>\n<hr \/>\n<p><a name=\"juniorky\"><\/a><\/p>\n<h1><\/h1>\n<h1>Junior Women<\/h1>\n<p>Team&#8217;s first win at Czech U21 Nationals \u2013 more\u00a0<a href=\"http:\/\/curling.cz\/novi-juniorsti-a-zakovsti-mistri-cr\/\" target=\"_blank\" rel=\"noopener\">here (CZ)<\/a><\/p>\n<p>World Juniors Championship \u2013 B | January 3 \u2013 10, 2019 | Lohja, Finland<\/p>\n<p><strong>Laura Kl\u00edmov\u00e1<\/strong>, Luisa Kl\u00edmov\u00e1, Ema Kyn\u010dlov\u00e1, Sabina Horsk\u00e1<\/p>\n<hr \/>\n<p><a name=\"junio\u0159i\"><\/a><\/p>\n<h1><\/h1>\n<h1>Junior Men<\/h1>\n<p>Czech U21 National Winners \u2013 more\u00a0<a href=\"http:\/\/curling.cz\/novi-juniorsti-a-zakovsti-mistri-cr\/\" target=\"_blank\" rel=\"noopener\">here (CZ)<\/a><\/p>\n<p>World Juniors Championship \u2013 B | January 3 \u2013 10, 2019 | Lohja, Finland<\/p>\n<p><strong>Adam Podolka<\/strong>, Martin Blahovec, Pavel Mare\u0161, David Verner, Franti\u0161ek Jiral<\/p>\n<hr \/>\n<p><a name=\"\u017e\u00e1ci\"><\/a><\/p>\n<h1><\/h1>\n<h1>Pupils<\/h1>\n<p>Winners of Czech National U15 Championship \u2013 v\u00edce <a href=\"http:\/\/curling.cz\/novi-juniorsti-a-zakovsti-mistri-cr\/\" target=\"_blank\" rel=\"noopener\">zde<\/a><\/p>\n<p>There is no U15 international championship<\/p>\n<p><strong>Tom\u00e1\u0161 Kr\u00e1tk\u00fd<\/strong>, Richard Smatana, Veronika Faltusov\u00e1, Sebastien La\u0161t\u016fvka<\/p>\n<hr \/>\n<p><a name=\"mixed doubles\"><\/a><\/p>\n<h1><\/h1>\n<h1>Mixed Doubles<\/h1>\n<p>Czech National Team will be decided at Czech Nationals in February 2019<\/p>\n<p>Winners will represent at World Mixed Doubles Championship | April 2019 | Stavanger, Norway<\/p>\n<p>Last year the Czechs finished 10th at World MD Championship \u2013 more\u00a0<a href=\"http:\/\/curling.cz\/cesi-jsou-desati-na-svete-v-mixed-doubles\/\" target=\"_blank\" rel=\"noopener\">here (CZ)<\/a><\/p>\n<hr \/>\n<p><a name=\"seniorky\"><\/a><\/p>\n<h1><\/h1>\n<h1>Senior Women<\/h1>\n<p><strong>Ivana Kube\u0161kov\u00e1<\/strong>, Anna Candrov\u00e1, Miroslava Va\u0159e\u010dkov\u00e1, Michaela \u010cih\u00e1kov\u00e1, Lenka Bedn\u00e1\u0159ov\u00e1.\u00a0This team defended their last year&#8217;s national title \u2013 more\u00a0<a href=\"http:\/\/curling.cz\/novi-seniorsti-mistri-a-vitezove-akademickeho-turnaje\/\" target=\"_blank\" rel=\"noopener\">here (CZ)<\/a><\/p>\n<p>This team won the right to represent the Czech Republic at World Senior Championship.<\/p>\n<p>Czech National Senior Women team didn&#8217;t attend last year&#8217;s world championship.<\/p>\n<hr \/>\n<p><a name=\"senio\u0159i\"><\/a><\/p>\n<h1><\/h1>\n<h1>Senior Men<\/h1>\n<p>Czech Nationals winners: <strong>Radek Kl\u00edma<\/strong>, Pavel M\u00e1lek, Jaroslav Havel, Tom\u00e1\u0161 Kl\u00edma \u2013 more\u00a0<a href=\"http:\/\/curling.cz\/novi-seniorsti-mistri-a-vitezove-akademickeho-turnaje\/\" target=\"_blank\" rel=\"noopener\">here (CZ)<\/a><\/p>\n<p>This team won the right to represent the Czech Republic at World Senior Championship.<\/p>\n<p>Last year the Czech team finished 21st \u2013 more\u00a0<a href=\"http:\/\/curling.cz\/wmdcc-wscc-2018\/\" target=\"_blank\" rel=\"noopener\">here (CZ)<\/a><\/p>\n<hr \/>\n<p><a name=\"akademici\"><\/a><\/p>\n<h1><\/h1>\n<h1>Academics \/ University Sport<\/h1>\n<p>Winners of the tournament: <strong>Jaroslav Vedral<\/strong>, Marek \u010cernovsk\u00fd, Kry\u0161tof Krupansk\u00fd, David Verner \u2013 more\u00a0<a href=\"http:\/\/curling.cz\/novi-seniorsti-mistri-a-vitezove-akademickeho-turnaje\/\" target=\"_blank\" rel=\"noopener\">here (CZ)<\/a><\/p>\n<p>Men&#8217;s and Women&#8217;s team for Universiade 2019 will be selected by National Coach<\/p>\n<hr \/>\n<p><a name=\"vozickari\"><\/a><\/p>\n<h1><\/h1>\n<h1>Wheelchair<\/h1>\n<p>Czech Nationals winners: team HSC Velk\u00e9 Mezi\u0159\u00ed\u010d\u00ed (<strong>Martin Tluk<\/strong>, Milan Bart\u016fn\u011bk, Jana B\u0159in\u010dilov\u00e1, Miroslav Dvo\u0159\u00e1k, Michaela Brabcov\u00e1, Pavel Chovanec) \u2013 more\u00a0<a href=\"http:\/\/curling.cz\/vozickarskym-mistrem-cr-se-stal-hsc-velke-mezirici\/\" target=\"_blank\" rel=\"noopener\">here (CZ)<\/a><\/p>\n<p>World Wheelchair Championship \u2013 B | November 9 \u2013 15 | Lohja, Finland<\/p>\n<p>National team will be selected by National Coach<\/p>\n","protected":false},"excerpt":{"rendered":"<p>National teams 2018 \/ 2019 mixed junior women senior women women \u00a0junior men senior men men pupils akademic mixed doubles wheelchair \u00a0 &nbsp; Mixed\u00a0\u2013 article\u00a0here (CZ) World Mixed Championship | Oct 13 \u2013 20, 2018 | Kelowna, Canada Michaela Baudy\u0161ov\u00e1, Marek \u010cernovsk\u00fd,\u00a0Petra Vin\u0161ov\u00e1,\u00a0Luk\u00e1\u0161 Kl\u00edma, Different team won the bronze medal last year. More\u00a0here (CZ). Women [&hellip;]<\/p>\n","protected":false},"author":1,"featured_media":0,"parent":0,"menu_order":0,"comment_status":"closed","ping_status":"closed","template":"","meta":{"_acf_changed":false,"footnotes":""},"class_list":["post-9331","page","type-page","status-publish","hentry"],"acf":[],"_links":{"self":[{"href":"https:\/\/www.curling.cz\/en\/wp-json\/wp\/v2\/pages\/9331","targetHints":{"allow":["GET"]}}],"collection":[{"href":"https:\/\/www.curling.cz\/en\/wp-json\/wp\/v2\/pages"}],"about":[{"href":"https:\/\/www.curling.cz\/en\/wp-json\/wp\/v2\/types\/page"}],"author":[{"embeddable":true,"href":"https:\/\/www.curling.cz\/en\/wp-json\/wp\/v2\/users\/1"}],"replies":[{"embeddable":true,"href":"https:\/\/www.curling.cz\/en\/wp-json\/wp\/v2\/comments?post=9331"}],"version-history":[{"count":1,"href":"https:\/\/www.curling.cz\/en\/wp-json\/wp\/v2\/pages\/9331\/revisions"}],"predecessor-version":[{"id":30937,"href":"https:\/\/www.curling.cz\/en\/wp-json\/wp\/v2\/pages\/9331\/revisions\/30937"}],"wp:attachment":[{"href":"https:\/\/www.curling.cz\/en\/wp-json\/wp\/v2\/media?parent=9331"}],"curies":[{"name":"wp","href":"https:\/\/api.w.org\/{rel}","templated":true}]}}